{"id":4495,"date":"2026-01-23T15:48:57","date_gmt":"2026-01-23T15:48:57","guid":{"rendered":"https:\/\/www.mounts.org\/?post_type=mec-events&#038;p=4495"},"modified":"2026-02-17T22:20:14","modified_gmt":"2026-02-17T22:20:14","slug":"festival-de-venta-de-plantas-de-invierno-451","status":"publish","type":"mec-events","link":"https:\/\/www.mounts.org\/es\/calendario-de-actos\/festival-de-venta-de-plantas-de-invierno-451\/","title":{"rendered":"Festival y venta de plantas de invierno"},"content":{"rendered":"<p>El acontecimiento de la temporada para los amantes de la jardiner\u00eda.<\/p>\n<p><strong>S\u00c1BADO Y DOMINGO, 14 Y 15 DE FEBRERO DE 2026<\/strong><\/p>\n<ul>\n<li>S\u00e1bado, 14 de febrero:\n<ul>\n<li>Preestreno s\u00f3lo para socios 8 h<\/li>\n<li>Abierto al p\u00fablico de 9.00 a 16.00 horas; \u00faltima entrada a las 15.30 horas<\/li>\n<\/ul>\n<\/li>\n<li>Domingo 15 de febrero: de 9.00 a 15.00 horas; \u00faltima entrada a las 14.30 horas<\/li>\n<\/ul>\n<p><strong>DESTACADOS:<\/strong><\/p>\n<ul>\n<li>Conozca a cultivadores de plantas y vendedores artesanos muy solicitados.<\/li>\n<li>Compre una amplia variedad de orqu\u00eddeas, plantas, \u00e1rboles, hierbas, plantas ornamentales, suculentas, cactus, bons\u00e1is, plantas aut\u00f3ctonas y mariposas, arbustos y \u00e1rboles frutales raros, ex\u00f3ticos y dif\u00edciles de encontrar, as\u00ed como accesorios de jard\u00edn, cestas, artesan\u00eda y mucho m\u00e1s.<\/li>\n<li>Conozca la cultura vegetal del sur de Florida hablando directamente con cultivadores expertos.<\/li>\n<li>Asista a presentaciones divertidas e informativas dirigidas por expertos del sector.<\/li>\n<li>Encuentre productos hort\u00edcolas imprescindibles y tesoros \u00fanicos en la tienda de regalos y el vivero del Jard\u00edn.<\/li>\n<li>Disfrute de actividades para toda la familia, como manualidades y juegos, m\u00fasica en directo y puestos de comida y bebida.<\/li>\n<\/ul>\n<p><strong>ADMISI\u00d3N:<\/strong><\/p>\n<ul>\n<li>GRATIS para socios de Mounts y ni\u00f1os menores de 6 a\u00f1os<\/li>\n<li>$20 adultos<\/li>\n<li>$18 mayores de 65 a\u00f1os, estudiantes universitarios y militares con acreditaci\u00f3n<\/li>\n<li>$13 para 6 - 17 a\u00f1os<\/li>\n<\/ul>\n<p>Las entradas incluyen el acceso completo al Jard\u00edn y no son reembolsables.<\/p>\n<p>Los abonos anuales cuestan a partir de $60 e incluyen la entrada general diurna gratuita al Jard\u00edn durante todo el a\u00f1o, incluida la venta de plantas.<\/p>\n<p>\u00bfA\u00fan no es socio? H\u00e1gase socio hoy mismo y recibir\u00e1 entrada gratuita al Jard\u00edn durante todo el a\u00f1o, incluidas todas las ventas de plantas, \u00a1y mucho m\u00e1s!<\/p>\n<p style=\"font-weight: 400;\"><strong>VENDORS:<\/strong><\/p>\n<ul>\n<li style=\"font-weight: 400;\">A &amp; J Foliage<\/li>\n<li style=\"font-weight: 400;\">A One Stop Garden Shop<\/li>\n<li style=\"font-weight: 400;\">A Pot Ahead<\/li>\n<li style=\"font-weight: 400;\">Backyard Blooms<\/li>\n<li style=\"font-weight: 400;\">Barefoot Orchids<\/li>\n<li style=\"font-weight: 400;\">Bearing Fruit Tropicals<\/li>\n<li style=\"font-weight: 400;\">Blooming Paradise<\/li>\n<li style=\"font-weight: 400;\">Sociedad de Bromeli\u00e1ceas de Palm Beaches<\/li>\n<li style=\"font-weight: 400;\">Crushable Hats<\/li>\n<li style=\"font-weight: 400;\">D.R. Bates Liners &amp; Gallons<\/li>\n<li style=\"font-weight: 400;\">Dan &amp; Margie Orchids<\/li>\n<li style=\"font-weight: 400;\">Fantastic Ferns<\/li>\n<li style=\"font-weight: 400;\">FNGLA<\/li>\n<li style=\"font-weight: 400;\">Freund Flowering Trees<\/li>\n<li style=\"font-weight: 400;\">Gardino Nursery<\/li>\n<li style=\"font-weight: 400;\">Greater Palm Beach Rose Society<\/li>\n<li style=\"font-weight: 400;\">Green Lush<\/li>\n<li style=\"font-weight: 400;\">Green Vibes<\/li>\n<li style=\"font-weight: 400;\">Greenhouse Orchids<\/li>\n<li style=\"font-weight: 400;\">Greenroots Natives<\/li>\n<li style=\"font-weight: 400;\">Hoya Plants<\/li>\n<li style=\"font-weight: 400;\">J&amp;J Unique Orchids<\/li>\n<li style=\"font-weight: 400;\">Jesse Durko\u2019s Nursery<\/li>\n<li style=\"font-weight: 400;\">JGs Tropical Plants<\/li>\n<li style=\"font-weight: 400;\">Koke Moss Houseplants<\/li>\n<li style=\"font-weight: 400;\">Kreative Gardens<\/li>\n<li style=\"font-weight: 400;\">Leah\u2019s Plants N Things<\/li>\n<li style=\"font-weight: 400;\">Liquid Gold Honey<\/li>\n<li style=\"font-weight: 400;\">Lucky Bamboo 4U<\/li>\n<li style=\"font-weight: 400;\">Magic Nursery<\/li>\n<li style=\"font-weight: 400;\">Marcus Arts &amp; Crafts<\/li>\n<li style=\"font-weight: 400;\">Mounts Botanical Garden<\/li>\n<li style=\"font-weight: 400;\">OFE Orchid Supply<\/li>\n<li style=\"font-weight: 400;\">Olena\u2019s Design<\/li>\n<li style=\"font-weight: 400;\">Orchid Society of the Palm Beaches<\/li>\n<li style=\"font-weight: 400;\">Palm Beach Rare Fruit Council<\/li>\n<li style=\"font-weight: 400;\">Powell Ceramic Art<\/li>\n<li style=\"font-weight: 400;\">Root &amp; Remedy<\/li>\n<li style=\"font-weight: 400;\">Sierra Madre Orchids<\/li>\n<li style=\"font-weight: 400;\">Spencers Jupiter Farms Road Nursery<\/li>\n<li style=\"font-weight: 400;\">Stars &amp; Stripes Woodworking<\/li>\n<li style=\"font-weight: 400;\">Tangled Roots Orchid Nursery<\/li>\n<li style=\"font-weight: 400;\">TB Designs<\/li>\n<li style=\"font-weight: 400;\">The House Jungle<\/li>\n<li style=\"font-weight: 400;\">The Hungry Leaf<\/li>\n<li style=\"font-weight: 400;\">Sociedad de Orqu\u00eddeas Tropicales<\/li>\n<li style=\"font-weight: 400;\">UF\/IFAS<\/li>\n<li style=\"font-weight: 400;\">Vaughnsai<\/li>\n<li style=\"font-weight: 400;\">We-Be-Jammin<\/li>\n<li style=\"font-weight: 400;\">Xainsworld<\/li>\n<li style=\"font-weight: 400;\">Yellowgreen Exotic Garden<\/li>\n<\/ul>\n<p style=\"font-weight: 400;\">Plus Food &amp; Beverage: Antonio&#8217;s Italian Market, Eos Tacos, Incredible Kettle Corn, Karts of All Kinds Hot Dogs &amp; Lemonade, Kool Treats by Mama Dukes, Pandaboba Tea<\/p>\n<p style=\"font-weight: 400;\"><strong>SCHEDULE:<\/strong><\/p>\n<p style=\"font-weight: 400;\">SAT. FEB. 14<\/p>\n<p style=\"font-weight: 400;\">9:00 AM \u2013 4:00 PM | Rose Show; judging 9:00 AM \u2013 1:00 pm<\/p>\n<p style=\"font-weight: 400;\">9:00 AM \u2013 12:00 PM | Live Music by Bobby G<\/p>\n<p style=\"font-weight: 400;\">1:00 PM \u2013 3:45 PM | Live Music by Marijah &amp; the Reggae All-Stars<\/p>\n<p style=\"font-weight: 400;\">1:30 PM | Beneficial Insects in the South Florida Garden with Adrian Rodriguez, ARS CR<\/p>\n<p style=\"font-weight: 400;\">SUN. FEB. 15<\/p>\n<p style=\"font-weight: 400;\">9:00 PM \u2013 4:00 PM | Rose Show<\/p>\n<p style=\"font-weight: 400;\">9:00 AM \u2013 12:00 PM | Live Music by Ashleigh &amp; Connor (classic rock, blues &amp; reggae)<\/p>\n<p style=\"font-weight: 400;\">1:00 PM \u2013 2:45 PM | Live Music by Marijah &amp; the Reggae All-Stars<\/p>\n<p style=\"font-weight: 400;\">1:30 PM \u2013 Basic Rose Care with Denise Abruzzee, ARS CR &amp; owner of Foxview Roses<\/p>\n\n\n<div class=\"wp-block-buttons is-layout-flex wp-block-buttons-is-layout-flex\">\n<div class=\"wp-block-button has-custom-width wp-block-button__width-50 is-style-fill\"><a class=\"wp-block-button__link wp-element-button\" href=\"https:\/\/114251.blackbaudhosting.com\/114251\/page.aspx?pid=213&amp;tab=2&amp;txobjid=6900102b-8a81-4add-ab00-7f819c4c33a0\" target=\"_blank\" rel=\"noreferrer noopener\">Comprar entradas<\/a><\/div>\n<\/div>","protected":false},"excerpt":{"rendered":"<p>El acontecimiento de la temporada para los amantes de la jardiner\u00eda. S\u00c1BADO Y DOMINGO, 14 Y 15 DE FEBRERO DE 2026 S\u00c1BADO 14 DE FEBRERO: Preestreno s\u00f3lo para socios a las 8:00 Abierto al p\u00fablico de 9:00 a 16:00; \u00faltima entrada a las 15:30 DOM 15 DE FEBRERO: de 9:00 a 15:00; \u00faltima entrada a las 14:30 HECHOS DESTACADOS: Conozca a los cultivadores de plantas y artesanos m\u00e1s solicitados. Compre [...]<\/p>","protected":false},"author":1,"featured_media":4881,"comment_status":"open","ping_status":"closed","template":"","mec_category":[26,48],"mec_label":[],"mec_location":[37],"mec_organizer":[],"mec_speaker":[],"mec_sponsor":[],"mec_tag":[],"class_list":["post-4495","mec-events","type-mec-events","status-publish","has-post-thumbnail","hentry","mec_category-garden-events","mec_category-gardening_horticulture"],"yoast_head":"<!-- This site is optimized with the Yoast SEO plugin v27.1.1 - https:\/\/yoast.com\/product\/yoast-seo-wordpress\/ -->\n<title>Winter Plant Sale &amp; Festival - Mounts Botanical Garden of Palm Beach County<\/title>\n<meta name=\"description\" content=\"Winter Plant Sale &amp; Festival - Mounts Botanical Garden of Palm Beach County\" \/>\n<meta name=\"robots\" content=\"index, follow, max-snippet:-1, max-image-preview:large, max-video-preview:-1\" \/>\n<link rel=\"canonical\" href=\"https:\/\/www.mounts.org\/es\/calendario-de-actos\/festival-de-venta-de-plantas-de-invierno-451\/\" \/>\n<meta property=\"og:locale\" content=\"es_ES\" \/>\n<meta property=\"og:type\" content=\"article\" \/>\n<meta property=\"og:title\" content=\"Winter Plant Sale &amp; Festival - Mounts Botanical Garden of Palm Beach County\" \/>\n<meta property=\"og:description\" content=\"Winter Plant Sale &amp; Festival - Mounts Botanical Garden of Palm Beach County\" \/>\n<meta property=\"og:url\" content=\"https:\/\/www.mounts.org\/es\/calendario-de-actos\/festival-de-venta-de-plantas-de-invierno-451\/\" \/>\n<meta property=\"og:site_name\" content=\"Mounts Botanical Garden of Palm Beach County\" \/>\n<meta property=\"article:publisher\" content=\"https:\/\/www.facebook.com\/MountsBotanicalGarden\/\" \/>\n<meta property=\"article:modified_time\" content=\"2026-02-17T22:20:14+00:00\" \/>\n<meta property=\"og:image\" content=\"https:\/\/mounts-botanical-gardens.nyc3.cdn.digitaloceanspaces.com\/dev\/2026\/01\/Winter-Plant-Sale-2026-Square-New-Website.png\" \/>\n\t<meta property=\"og:image:width\" content=\"1080\" \/>\n\t<meta property=\"og:image:height\" content=\"1080\" \/>\n\t<meta property=\"og:image:type\" content=\"image\/png\" \/>\n<meta name=\"twitter:card\" content=\"summary_large_image\" \/>\n<meta name=\"twitter:label1\" content=\"Est. reading time\" \/>\n\t<meta name=\"twitter:data1\" content=\"1 minute\" \/>\n<script type=\"application\/ld+json\" class=\"yoast-schema-graph\">{\"@context\":\"https:\/\/schema.org\",\"@graph\":[{\"@type\":\"WebPage\",\"@id\":\"https:\/\/www.mounts.org\/es\/calendario-de-actos\/festival-de-venta-de-plantas-de-invierno-451\/\",\"url\":\"https:\/\/www.mounts.org\/es\/calendario-de-actos\/festival-de-venta-de-plantas-de-invierno-451\/\",\"name\":\"Winter Plant Sale &amp; Festival - Mounts Botanical Garden of Palm Beach County\",\"isPartOf\":{\"@id\":\"https:\/\/www.mounts.org\/es\/#website\"},\"primaryImageOfPage\":{\"@id\":\"https:\/\/www.mounts.org\/es\/calendario-de-actos\/festival-de-venta-de-plantas-de-invierno-451\/#primaryimage\"},\"image\":{\"@id\":\"https:\/\/www.mounts.org\/es\/calendario-de-actos\/festival-de-venta-de-plantas-de-invierno-451\/#primaryimage\"},\"thumbnailUrl\":\"https:\/\/mounts-botanical-gardens.nyc3.cdn.digitaloceanspaces.com\/dev\/2026\/01\/Winter-Plant-Sale-2026-Square-New-Website.png\",\"datePublished\":\"2026-01-23T15:48:57+00:00\",\"dateModified\":\"2026-02-17T22:20:14+00:00\",\"description\":\"Winter Plant Sale &amp; Festival - Mounts Botanical Garden of Palm Beach County\",\"breadcrumb\":{\"@id\":\"https:\/\/www.mounts.org\/es\/calendario-de-actos\/festival-de-venta-de-plantas-de-invierno-451\/#breadcrumb\"},\"inLanguage\":\"es-ES\",\"potentialAction\":[{\"@type\":\"ReadAction\",\"target\":[\"https:\/\/www.mounts.org\/es\/calendario-de-actos\/festival-de-venta-de-plantas-de-invierno-451\/\"]}]},{\"@type\":\"ImageObject\",\"inLanguage\":\"es-ES\",\"@id\":\"https:\/\/www.mounts.org\/es\/calendario-de-actos\/festival-de-venta-de-plantas-de-invierno-451\/#primaryimage\",\"url\":\"https:\/\/mounts-botanical-gardens.nyc3.cdn.digitaloceanspaces.com\/dev\/2026\/01\/Winter-Plant-Sale-2026-Square-New-Website.png\",\"contentUrl\":\"https:\/\/mounts-botanical-gardens.nyc3.cdn.digitaloceanspaces.com\/dev\/2026\/01\/Winter-Plant-Sale-2026-Square-New-Website.png\",\"width\":1080,\"height\":1080},{\"@type\":\"BreadcrumbList\",\"@id\":\"https:\/\/www.mounts.org\/es\/calendario-de-actos\/festival-de-venta-de-plantas-de-invierno-451\/#breadcrumb\",\"itemListElement\":[{\"@type\":\"ListItem\",\"position\":1,\"name\":\"Home\",\"item\":\"https:\/\/www.mounts.org\/es\/\"},{\"@type\":\"ListItem\",\"position\":2,\"name\":\"Eventos\",\"item\":\"https:\/\/www.mounts.org\/es\/calendario-de-actos\/\"},{\"@type\":\"ListItem\",\"position\":3,\"name\":\"Winter Plant Sale &amp; Festival\"}]},{\"@type\":\"WebSite\",\"@id\":\"https:\/\/www.mounts.org\/es\/#website\",\"url\":\"https:\/\/www.mounts.org\/es\/\",\"name\":\"Mounts Botanical Garden of Palm Beach County\",\"description\":\"Welcome to your Garden\",\"publisher\":{\"@id\":\"https:\/\/www.mounts.org\/es\/#organization\"},\"alternateName\":\"Mounts Botanical Garden\",\"potentialAction\":[{\"@type\":\"SearchAction\",\"target\":{\"@type\":\"EntryPoint\",\"urlTemplate\":\"https:\/\/www.mounts.org\/es\/?s={search_term_string}\"},\"query-input\":{\"@type\":\"PropertyValueSpecification\",\"valueRequired\":true,\"valueName\":\"search_term_string\"}}],\"inLanguage\":\"es-ES\"},{\"@type\":\"Organization\",\"@id\":\"https:\/\/www.mounts.org\/es\/#organization\",\"name\":\"Mounts Botanical Garden of Palm Beach County\",\"url\":\"https:\/\/www.mounts.org\/es\/\",\"logo\":{\"@type\":\"ImageObject\",\"inLanguage\":\"es-ES\",\"@id\":\"https:\/\/www.mounts.org\/es\/#\/schema\/logo\/image\/\",\"url\":\"https:\/\/mounts-botanical-gardens.nyc3.cdn.digitaloceanspaces.com\/dev\/2025\/11\/15180613\/Group-27.svg\",\"contentUrl\":\"https:\/\/mounts-botanical-gardens.nyc3.cdn.digitaloceanspaces.com\/dev\/2025\/11\/15180613\/Group-27.svg\",\"width\":85,\"height\":63,\"caption\":\"Mounts Botanical Garden of Palm Beach County\"},\"image\":{\"@id\":\"https:\/\/www.mounts.org\/es\/#\/schema\/logo\/image\/\"},\"sameAs\":[\"https:\/\/www.facebook.com\/MountsBotanicalGarden\/\",\"https:\/\/www.instagram.com\/mountsbotanicalgarden\",\"https:\/\/www.youtube.com\/@mountsbotanicalgardenwpb\"]}]}<\/script>\n<!-- \/ Yoast SEO plugin. -->","yoast_head_json":{"title":"Winter Plant Sale &amp; Festival - Mounts Botanical Garden of Palm Beach County","description":"Winter Plant Sale &amp; Festival - Mounts Botanical Garden of Palm Beach County","robots":{"index":"index","follow":"follow","max-snippet":"max-snippet:-1","max-image-preview":"max-image-preview:large","max-video-preview":"max-video-preview:-1"},"canonical":"https:\/\/www.mounts.org\/es\/calendario-de-actos\/festival-de-venta-de-plantas-de-invierno-451\/","og_locale":"es_ES","og_type":"article","og_title":"Winter Plant Sale &amp; Festival - Mounts Botanical Garden of Palm Beach County","og_description":"Winter Plant Sale &amp; Festival - Mounts Botanical Garden of Palm Beach County","og_url":"https:\/\/www.mounts.org\/es\/calendario-de-actos\/festival-de-venta-de-plantas-de-invierno-451\/","og_site_name":"Mounts Botanical Garden of Palm Beach County","article_publisher":"https:\/\/www.facebook.com\/MountsBotanicalGarden\/","article_modified_time":"2026-02-17T22:20:14+00:00","og_image":[{"width":1080,"height":1080,"url":"https:\/\/mounts-botanical-gardens.nyc3.cdn.digitaloceanspaces.com\/dev\/2026\/01\/Winter-Plant-Sale-2026-Square-New-Website.png","type":"image\/png"}],"twitter_card":"summary_large_image","twitter_misc":{"Est. reading time":"1 minute"},"schema":{"@context":"https:\/\/schema.org","@graph":[{"@type":"WebPage","@id":"https:\/\/www.mounts.org\/es\/calendario-de-actos\/festival-de-venta-de-plantas-de-invierno-451\/","url":"https:\/\/www.mounts.org\/es\/calendario-de-actos\/festival-de-venta-de-plantas-de-invierno-451\/","name":"Winter Plant Sale &amp; Festival - Mounts Botanical Garden of Palm Beach County","isPartOf":{"@id":"https:\/\/www.mounts.org\/es\/#website"},"primaryImageOfPage":{"@id":"https:\/\/www.mounts.org\/es\/calendario-de-actos\/festival-de-venta-de-plantas-de-invierno-451\/#primaryimage"},"image":{"@id":"https:\/\/www.mounts.org\/es\/calendario-de-actos\/festival-de-venta-de-plantas-de-invierno-451\/#primaryimage"},"thumbnailUrl":"https:\/\/mounts-botanical-gardens.nyc3.cdn.digitaloceanspaces.com\/dev\/2026\/01\/Winter-Plant-Sale-2026-Square-New-Website.png","datePublished":"2026-01-23T15:48:57+00:00","dateModified":"2026-02-17T22:20:14+00:00","description":"Winter Plant Sale &amp; Festival - Mounts Botanical Garden of Palm Beach County","breadcrumb":{"@id":"https:\/\/www.mounts.org\/es\/calendario-de-actos\/festival-de-venta-de-plantas-de-invierno-451\/#breadcrumb"},"inLanguage":"es-ES","potentialAction":[{"@type":"ReadAction","target":["https:\/\/www.mounts.org\/es\/calendario-de-actos\/festival-de-venta-de-plantas-de-invierno-451\/"]}]},{"@type":"ImageObject","inLanguage":"es-ES","@id":"https:\/\/www.mounts.org\/es\/calendario-de-actos\/festival-de-venta-de-plantas-de-invierno-451\/#primaryimage","url":"https:\/\/mounts-botanical-gardens.nyc3.cdn.digitaloceanspaces.com\/dev\/2026\/01\/Winter-Plant-Sale-2026-Square-New-Website.png","contentUrl":"https:\/\/mounts-botanical-gardens.nyc3.cdn.digitaloceanspaces.com\/dev\/2026\/01\/Winter-Plant-Sale-2026-Square-New-Website.png","width":1080,"height":1080},{"@type":"BreadcrumbList","@id":"https:\/\/www.mounts.org\/es\/calendario-de-actos\/festival-de-venta-de-plantas-de-invierno-451\/#breadcrumb","itemListElement":[{"@type":"ListItem","position":1,"name":"Home","item":"https:\/\/www.mounts.org\/es\/"},{"@type":"ListItem","position":2,"name":"Eventos","item":"https:\/\/www.mounts.org\/es\/calendario-de-actos\/"},{"@type":"ListItem","position":3,"name":"Winter Plant Sale &amp; Festival"}]},{"@type":"WebSite","@id":"https:\/\/www.mounts.org\/es\/#website","url":"https:\/\/www.mounts.org\/es\/","name":"Jard\u00edn Bot\u00e1nico del Condado de Palm Beach","description":"Bienvenido a su jard\u00edn","publisher":{"@id":"https:\/\/www.mounts.org\/es\/#organization"},"alternateName":"Mounts Botanical Garden","potentialAction":[{"@type":"SearchAction","target":{"@type":"EntryPoint","urlTemplate":"https:\/\/www.mounts.org\/es\/?s={search_term_string}"},"query-input":{"@type":"PropertyValueSpecification","valueRequired":true,"valueName":"search_term_string"}}],"inLanguage":"es-ES"},{"@type":"Organization","@id":"https:\/\/www.mounts.org\/es\/#organization","name":"Jard\u00edn Bot\u00e1nico del Condado de Palm Beach","url":"https:\/\/www.mounts.org\/es\/","logo":{"@type":"ImageObject","inLanguage":"es-ES","@id":"https:\/\/www.mounts.org\/es\/#\/schema\/logo\/image\/","url":"https:\/\/mounts-botanical-gardens.nyc3.cdn.digitaloceanspaces.com\/dev\/2025\/11\/15180613\/Group-27.svg","contentUrl":"https:\/\/mounts-botanical-gardens.nyc3.cdn.digitaloceanspaces.com\/dev\/2025\/11\/15180613\/Group-27.svg","width":85,"height":63,"caption":"Mounts Botanical Garden of Palm Beach County"},"image":{"@id":"https:\/\/www.mounts.org\/es\/#\/schema\/logo\/image\/"},"sameAs":["https:\/\/www.facebook.com\/MountsBotanicalGarden\/","https:\/\/www.instagram.com\/mountsbotanicalgarden","https:\/\/www.youtube.com\/@mountsbotanicalgardenwpb"]}]}},"pbg_featured_image_src":{"full":["https:\/\/mounts-botanical-gardens.nyc3.cdn.digitaloceanspaces.com\/dev\/2026\/01\/Winter-Plant-Sale-2026-Square-New-Website.png",1080,1080,false],"thumbnail":["https:\/\/mounts-botanical-gardens.nyc3.cdn.digitaloceanspaces.com\/dev\/2026\/01\/Winter-Plant-Sale-2026-Square-New-Website-400x300.png",400,300,true],"medium":["https:\/\/mounts-botanical-gardens.nyc3.cdn.digitaloceanspaces.com\/dev\/2026\/01\/Winter-Plant-Sale-2026-Square-New-Website-768x768.png",768,768,true],"medium_large":["https:\/\/mounts-botanical-gardens.nyc3.cdn.digitaloceanspaces.com\/dev\/2026\/01\/Winter-Plant-Sale-2026-Square-New-Website-768x768.png",768,768,true],"large":["https:\/\/mounts-botanical-gardens.nyc3.cdn.digitaloceanspaces.com\/dev\/2026\/01\/Winter-Plant-Sale-2026-Square-New-Website-1024x1024.png",1024,1024,true],"thumblist":["https:\/\/mounts-botanical-gardens.nyc3.cdn.digitaloceanspaces.com\/dev\/2026\/01\/Winter-Plant-Sale-2026-Square-New-Website-300x300.png",300,300,true],"thumbrelated":["https:\/\/mounts-botanical-gardens.nyc3.cdn.digitaloceanspaces.com\/dev\/2026\/01\/Winter-Plant-Sale-2026-Square-New-Website-500x500.png",500,500,true],"meccarouselthumb":["https:\/\/mounts-botanical-gardens.nyc3.cdn.digitaloceanspaces.com\/dev\/2026\/01\/Winter-Plant-Sale-2026-Square-New-Website-474x324.png",474,324,true],"gridsquare":["https:\/\/mounts-botanical-gardens.nyc3.cdn.digitaloceanspaces.com\/dev\/2026\/01\/Winter-Plant-Sale-2026-Square-New-Website-391x260.png",391,260,true],"tileview":["https:\/\/mounts-botanical-gardens.nyc3.cdn.digitaloceanspaces.com\/dev\/2026\/01\/Winter-Plant-Sale-2026-Square-New-Website-300x400.png",300,400,true],"1536x1536":["https:\/\/mounts-botanical-gardens.nyc3.cdn.digitaloceanspaces.com\/dev\/2026\/01\/Winter-Plant-Sale-2026-Square-New-Website.png",1080,1080,false],"2048x2048":["https:\/\/mounts-botanical-gardens.nyc3.cdn.digitaloceanspaces.com\/dev\/2026\/01\/Winter-Plant-Sale-2026-Square-New-Website.png",1080,1080,false],"trp-custom-language-flag":["https:\/\/mounts-botanical-gardens.nyc3.cdn.digitaloceanspaces.com\/dev\/2026\/01\/Winter-Plant-Sale-2026-Square-New-Website-12x12.png",12,12,true],"gform-image-choice-sm":["https:\/\/mounts-botanical-gardens.nyc3.cdn.digitaloceanspaces.com\/dev\/2026\/01\/Winter-Plant-Sale-2026-Square-New-Website.png",300,300,false],"gform-image-choice-md":["https:\/\/mounts-botanical-gardens.nyc3.cdn.digitaloceanspaces.com\/dev\/2026\/01\/Winter-Plant-Sale-2026-Square-New-Website.png",400,400,false],"gform-image-choice-lg":["https:\/\/mounts-botanical-gardens.nyc3.cdn.digitaloceanspaces.com\/dev\/2026\/01\/Winter-Plant-Sale-2026-Square-New-Website.png",600,600,false]},"pbg_author_info":{"display_name":"jworkman","author_link":"https:\/\/www.mounts.org\/es\/author\/jworkman\/","author_img":"<img alt='jworkman' src='https:\/\/secure.gravatar.com\/avatar\/d681782f7ee2dc727aa4c819f3cffffe83d747ec1de3b219878d6e178e409fac?s=128&#038;d=mm&#038;r=g' srcset='https:\/\/secure.gravatar.com\/avatar\/d681782f7ee2dc727aa4c819f3cffffe83d747ec1de3b219878d6e178e409fac?s=256&#038;d=mm&#038;r=g 2x' class='avatar avatar-128 photo' height='128' width='128' loading='lazy' decoding='async'\/>"},"pbg_comment_info":" No Comments","pbg_excerpt":"The Garden-Lovers&#8217; Event of the Season! SATURDAY &amp; SUNDAY, FEBRUARY 14 &amp; 15, 2026 Sat., Feb. 14: Members-Only Preview 8 am Open to Public 9 am \u2013 4 pm; last entry 3:30 pm Sun., Feb. 15: 9 am \u2013 3 pm; last entry 2:30 pm HIGHLIGHTS: Meet highly sought-after plant growers and artisan vendors. Shop&hellip;","_links":{"self":[{"href":"https:\/\/www.mounts.org\/es\/wp-json\/wp\/v2\/mec-events\/4495","targetHints":{"allow":["GET"]}}],"collection":[{"href":"https:\/\/www.mounts.org\/es\/wp-json\/wp\/v2\/mec-events"}],"about":[{"href":"https:\/\/www.mounts.org\/es\/wp-json\/wp\/v2\/types\/mec-events"}],"author":[{"embeddable":true,"href":"https:\/\/www.mounts.org\/es\/wp-json\/wp\/v2\/users\/1"}],"replies":[{"embeddable":true,"href":"https:\/\/www.mounts.org\/es\/wp-json\/wp\/v2\/comments?post=4495"}],"wp:featuredmedia":[{"embeddable":true,"href":"https:\/\/www.mounts.org\/es\/wp-json\/wp\/v2\/media\/4881"}],"wp:attachment":[{"href":"https:\/\/www.mounts.org\/es\/wp-json\/wp\/v2\/media?parent=4495"}],"wp:term":[{"taxonomy":"mec_category","embeddable":true,"href":"https:\/\/www.mounts.org\/es\/wp-json\/wp\/v2\/mec_category?post=4495"},{"taxonomy":"mec_label","embeddable":true,"href":"https:\/\/www.mounts.org\/es\/wp-json\/wp\/v2\/mec_label?post=4495"},{"taxonomy":"mec_location","embeddable":true,"href":"https:\/\/www.mounts.org\/es\/wp-json\/wp\/v2\/mec_location?post=4495"},{"taxonomy":"mec_organizer","embeddable":true,"href":"https:\/\/www.mounts.org\/es\/wp-json\/wp\/v2\/mec_organizer?post=4495"},{"taxonomy":"mec_speaker","embeddable":true,"href":"https:\/\/www.mounts.org\/es\/wp-json\/wp\/v2\/mec_speaker?post=4495"},{"taxonomy":"mec_sponsor","embeddable":true,"href":"https:\/\/www.mounts.org\/es\/wp-json\/wp\/v2\/mec_sponsor?post=4495"},{"taxonomy":"mec_tag","embeddable":true,"href":"https:\/\/www.mounts.org\/es\/wp-json\/wp\/v2\/mec_tag?post=4495"}],"curies":[{"name":"wp","href":"https:\/\/api.w.org\/{rel}","templated":true}]}}